{"id":259802,"date":"2020-02-17T21:55:00","date_gmt":"2020-02-17T21:55:00","guid":{"rendered":"https:\/\/dabella.es\/?post_type=product&#038;p=259802"},"modified":"2020-03-18T17:50:45","modified_gmt":"2020-03-18T17:50:45","slug":"radio-denver-tr54-radio-portatil","status":"publish","type":"product","link":"https:\/\/dabella.es\/?product=radio-denver-tr54-radio-portatil","title":{"rendered":"Radio-DENVER-TR54-Radio-P\u00f3rtatil env\u00edo gratis 24\/48 horas"},"content":{"rendered":"<table class=\"table table-striped push-top\">\n<tbody>\n<tr>\n<th>Profundidad<\/th>\n<td>210 mm<\/td>\n<\/tr>\n<tr>\n<th>Ancho<\/th>\n<td>90 mm<\/td>\n<\/tr>\n<tr>\n<th>Altura<\/th>\n<td>118 mm<\/td>\n<\/tr>\n<tr>\n<th>Peso<\/th>\n<td>730 g<\/td>\n<\/tr>\n<tr>\n<th>Altura del paquete<\/th>\n<td>130 mm<\/td>\n<\/tr>\n<tr>\n<th>Profundidad del paquete<\/th>\n<td>225 mm<\/td>\n<\/tr>\n<tr>\n<th>Ancho del paquete<\/th>\n<td>100 mm<\/td>\n<\/tr>\n<tr>\n<th>Tipo de radio<\/th>\n<td>Port\u00e1til<\/td>\n<\/tr>\n<tr>\n<th>Bandas de radio soportadas<\/th>\n<td>AM,FM<\/td>\n<\/tr>\n<tr>\n<th>Tipo de sintonizador<\/th>\n<td>Anal\u00f3gica<\/td>\n<\/tr>\n<tr>\n<th>Alimentaci\u00f3n<\/th>\n<td>Corriente alterna, Bater\u00eda<\/td>\n<\/tr>\n<tr>\n<th>Altavoces incorporados<\/th>\n<td>S\u00ed<\/td>\n<\/tr>\n<tr>\n<th>Auriculares<\/th>\n<td>3,5 mm<\/td>\n<\/tr>\n<tr>\n<th>Entrada auxiliar<\/th>\n<td>S\u00ed<\/td>\n<\/tr>\n<tr>\n<th>Salidas para auriculares<\/th>\n<td>1<\/td>\n<\/tr>\n<tr>\n<th>Reproducci\u00f3n MP3<\/th>\n<td>S\u00ed<\/td>\n<\/tr>\n<tr>\n<th>Color del producto<\/th>\n<td>Negro<\/td>\n<\/tr>\n<tr>\n<th>Compatibilidad con bases dock de Apple<\/th>\n<td>No compatible<\/td>\n<\/tr>\n<tr>\n<th>Frecuencia de entrada AC<\/th>\n<td>50 Hz<\/td>\n<\/tr>\n<\/tbody>\n<\/table>\n","protected":false},"excerpt":{"rendered":"<p>Denver Electronics TR-54 MK2. Tipo de radio: Port\u00e1til, Tipo de sintonizador: Anal\u00f3gica, Bandas de radio soportadas: AM,FM. Auriculares: 3,5 mm. Color del producto: Negro, Coloraci\u00f3n: Mon\u00f3tono. Alimentaci\u00f3n: Corriente alterna, Bater\u00eda, Voltaje de entrada AC: 230 V, Frecuencia de entrada AC: 50 Hz. Ancho: 90 mm, Profundidad: 210 mm, Altura: 118 mm<\/p>\n","protected":false},"featured_media":259803,"comment_status":"open","ping_status":"closed","template":"","meta":{"_et_pb_use_builder":"","_et_pb_old_content":"","_et_gb_content_width":""},"product_cat":[54],"product_tag":[],"class_list":{"0":"post-259802","1":"product","2":"type-product","3":"status-publish","4":"has-post-thumbnail","6":"product_cat-altavoces","8":"first","9":"instock","10":"sale","11":"taxable","12":"shipping-taxable","13":"purchasable","14":"product-type-simple"},"_links":{"self":[{"href":"https:\/\/dabella.es\/index.php?rest_route=\/wp\/v2\/product\/259802","targetHints":{"allow":["GET"]}}],"collection":[{"href":"https:\/\/dabella.es\/index.php?rest_route=\/wp\/v2\/product"}],"about":[{"href":"https:\/\/dabella.es\/index.php?rest_route=\/wp\/v2\/types\/product"}],"replies":[{"embeddable":true,"href":"https:\/\/dabella.es\/index.php?rest_route=%2Fwp%2Fv2%2Fcomments&post=259802"}],"wp:featuredmedia":[{"embeddable":true,"href":"https:\/\/dabella.es\/index.php?rest_route=\/wp\/v2\/media\/259803"}],"wp:attachment":[{"href":"https:\/\/dabella.es\/index.php?rest_route=%2Fwp%2Fv2%2Fmedia&parent=259802"}],"wp:term":[{"taxonomy":"product_cat","embeddable":true,"href":"https:\/\/dabella.es\/index.php?rest_route=%2Fwp%2Fv2%2Fproduct_cat&post=259802"},{"taxonomy":"product_tag","embeddable":true,"href":"https:\/\/dabella.es\/index.php?rest_route=%2Fwp%2Fv2%2Fproduct_tag&post=259802"}],"curies":[{"name":"wp","href":"https:\/\/api.w.org\/{rel}","templated":true}]}}